{"id":122,"date":"2016-09-19T20:54:37","date_gmt":"2016-09-19T20:54:37","guid":{"rendered":"http:\/\/auro-cuines.com\/?page_id=122"},"modified":"2021-06-17T09:39:08","modified_gmt":"2021-06-17T09:39:08","slug":"antonio-miro","status":"publish","type":"page","link":"https:\/\/auro-cuines.com\/ca\/antonio-miro\/","title":{"rendered":"Antonio Mir\u00f3"},"content":{"rendered":"<p>L&#8217;essencial, \u00e9s la base de la creativitat.<\/p>\n<p>Blanc mediterrani pur, d&#8217;aspecte simple i elegant, de forma corba i suggerent. Ancestral, definitiu i transformador. L&#8217;autenticitat d&#8217;un ingredient, que pot potenciar completament el sabor d&#8217;un plat, \u00e9s la inspiraci\u00f3 de la col\u00b7lecci\u00f3 de cuines <strong>Antonio Miro<\/strong> d&#8217;<strong>Aur\u00f3<\/strong>.<\/p>\n<p><a href=\"http:\/\/auro-cuines.com\/wp-content\/uploads\/Miro01.jpg\"><img decoding=\"async\" class=\"aligncenter\" src=\"http:\/\/auro-cuines.com\/wp-content\/uploads\/Miro01.jpg\" alt=\"miro01\" \/><\/a><\/p>\n<p><strong>Aur\u00f3 <\/strong>i <strong>Antonio Mir\u00f3<\/strong>, s&#8217;uneixen per donar forma a un nou concepte de cuina funcionalment bell. Un disseny minimalista i diferent en el qual l&#8217;ordre i el treball a &#8220;4 mans&#8221; s\u00f3n elements centrals. Tot d&#8217;una una cuina dissenyada racionalment fa possible que dues persones treballin en ella al mateix temps. una cuina basada en una estructura singular materialitzada en fusta i silestone, on l&#8217;\u00fas de la corba resulta un element essencial.<\/p>\n<p>Un espai poc convencional i d&#8217;aspecte suggerent, de gran bellesa que neix de la uni\u00f3 de l&#8217;est\u00e8tica i el sentit pr\u00e0ctic.<\/p>\n<div class=\"clearfix\" style=\"margin-top: 75px;\">\n<a href=\"http:\/\/auro-cuines.com\/wp-content\/uploads\/Miro02.jpg\"><img decoding=\"async\" class=\"alignleft wp-image-62 size-thumbnail\" src=\"http:\/\/auro-cuines.com\/wp-content\/uploads\/Miro02-200x200.jpg\" alt=\"miro02\" width=\"210\" height=\"210\" \/><\/a> <a href=\"http:\/\/auro-cuines.com\/wp-content\/uploads\/Miro03.jpg\"><img decoding=\"async\" class=\"alignleft wp-image-63 size-thumbnail\" src=\"http:\/\/auro-cuines.com\/wp-content\/uploads\/Miro03-200x200.jpg\" alt=\"miro03\" width=\"210\" height=\"210\" \/><\/a> <a href=\"http:\/\/auro-cuines.com\/wp-content\/uploads\/Miro04.jpg\"><img decoding=\"async\" class=\"alignleft wp-image-64 size-thumbnail\" src=\"http:\/\/auro-cuines.com\/wp-content\/uploads\/Miro04-200x200.jpg\" alt=\"miro04\" width=\"210\" height=\"210\" \/><\/a> <a href=\"http:\/\/auro-cuines.com\/wp-content\/uploads\/Miro05.jpg\"><img loading=\"lazy\" decoding=\"async\" class=\"alignleft wp-image-65 size-thumbnail\" src=\"http:\/\/auro-cuines.com\/wp-content\/uploads\/Miro05-200x200.jpg\" alt=\"miro05\" width=\"210\" height=\"210\" \/><\/a> <a href=\"http:\/\/auro-cuines.com\/wp-content\/uploads\/Miro06.jpg\"><img loading=\"lazy\" decoding=\"async\" class=\"alignleft wp-image-66 size-thumbnail\" src=\"http:\/\/auro-cuines.com\/wp-content\/uploads\/Miro06-200x200.jpg\" alt=\"miro06\" width=\"210\" height=\"210\" \/><\/a> <a href=\"http:\/\/auro-cuines.com\/wp-content\/uploads\/Miro07.jpg\"><img loading=\"lazy\" decoding=\"async\" class=\"alignleft size-thumbnail wp-image-67\" src=\"http:\/\/auro-cuines.com\/wp-content\/uploads\/Miro07-200x200.jpg\" alt=\"miro07\" width=\"210\" height=\"210\" \/><\/a> <a href=\"http:\/\/auro-cuines.com\/wp-content\/uploads\/Miro08.jpg\"><img loading=\"lazy\" decoding=\"async\" class=\"alignleft size-thumbnail wp-image-68\" src=\"http:\/\/auro-cuines.com\/wp-content\/uploads\/Miro08-200x200.jpg\" alt=\"miro08\" width=\"210\" height=\"210\" \/><\/a> <a href=\"http:\/\/auro-cuines.com\/wp-content\/uploads\/Miro09.jpg\"><img loading=\"lazy\" decoding=\"async\" class=\"alignleft size-thumbnail wp-image-69\" src=\"http:\/\/auro-cuines.com\/wp-content\/uploads\/Miro09-200x200.jpg\" alt=\"miro09\" width=\"210\" height=\"210\" \/><\/a>\n<\/div>\n<div class=\"capita\"><a href=\"\/contacto\/\" onclick=\"gtag('event', 'A_pagina_Contacto');\" class=\"botoncito\">vull un projecte Aur\u00f3<\/a><\/div>\n<p><\/p>\n<div class='clear '><\/div><\/div>","protected":false},"excerpt":{"rendered":"<p>L&rsquo;essencial, &eacute;s la base de la creativitat. Blanc mediterrani pur, d&rsquo;aspecte simple i elegant, de forma corba i suggerent. Ancestral, definitiu i transformador. L&rsquo;autenticitat d&rsquo;un ingredient, que pot potenciar completament el sabor d&rsquo;un plat, &eacute;s la inspiraci&oacute; de la col&middot;lecci&oacute; de cuines Antonio Miro d&rsquo;Aur&oacute;. Aur&oacute; i Antonio Mir&oacute;, s&rsquo;uneixen per donar forma a un [&hellip;]<\/p>\n","protected":false},"author":1,"featured_media":0,"parent":0,"menu_order":0,"comment_status":"closed","ping_status":"closed","template":"","meta":{"_genesis_hide_title":false,"_genesis_hide_breadcrumbs":false,"_genesis_hide_singular_image":false,"_genesis_hide_footer_widgets":false,"_genesis_custom_body_class":"","_genesis_custom_post_class":"","_genesis_layout":"","footnotes":""},"class_list":{"0":"post-122","1":"page","2":"type-page","3":"status-publish","5":"entry","6":"has-post-thumbnail"},"aioseo_notices":[],"_links":{"self":[{"href":"https:\/\/auro-cuines.com\/ca\/wp-json\/wp\/v2\/pages\/122","targetHints":{"allow":["GET"]}}],"collection":[{"href":"https:\/\/auro-cuines.com\/ca\/wp-json\/wp\/v2\/pages"}],"about":[{"href":"https:\/\/auro-cuines.com\/ca\/wp-json\/wp\/v2\/types\/page"}],"author":[{"embeddable":true,"href":"https:\/\/auro-cuines.com\/ca\/wp-json\/wp\/v2\/users\/1"}],"replies":[{"embeddable":true,"href":"https:\/\/auro-cuines.com\/ca\/wp-json\/wp\/v2\/comments?post=122"}],"version-history":[{"count":4,"href":"https:\/\/auro-cuines.com\/ca\/wp-json\/wp\/v2\/pages\/122\/revisions"}],"predecessor-version":[{"id":4270,"href":"https:\/\/auro-cuines.com\/ca\/wp-json\/wp\/v2\/pages\/122\/revisions\/4270"}],"wp:attachment":[{"href":"https:\/\/auro-cuines.com\/ca\/wp-json\/wp\/v2\/media?parent=122"}],"curies":[{"name":"wp","href":"https:\/\/api.w.org\/{rel}","templated":true}]}}